{"id":1172,"date":"2019-12-04T10:51:53","date_gmt":"2019-12-04T10:51:53","guid":{"rendered":"https:\/\/matchthemes.com\/demowp\/caverta\/?page_id=1172"},"modified":"2020-05-21T16:50:14","modified_gmt":"2020-05-21T14:50:14","slug":"cafe","status":"publish","type":"page","link":"https:\/\/www.ighibellini.com\/en\/cafe\/","title":{"rendered":"Caf\u00e8"},"content":{"rendered":"<div data-elementor-type=\"wp-page\" data-elementor-id=\"1172\" class=\"elementor elementor-1172\">\n\t\t\t\t\t\t<section class=\"elementor-section elementor-top-section elementor-element elementor-element-10f0a3e elementor-section-boxed elementor-section-height-default elementor-section-height-default\" data-id=\"10f0a3e\" data-element_type=\"section\" data-e-type=\"section\">\n\t\t\t\t\t\t<div class=\"elementor-container elementor-column-gap-default\">\n\t\t\t\t\t<div class=\"elementor-column elementor-col-50 elementor-top-column elementor-element elementor-element-6d26119\" data-id=\"6d26119\" data-element_type=\"column\" data-e-type=\"column\">\n\t\t\t<div class=\"elementor-widget-wrap elementor-element-populated\">\n\t\t\t\t\t\t<div class=\"elementor-element elementor-element-d491015 elementor-widget elementor-widget-text-editor\" data-id=\"d491015\" data-element_type=\"widget\" data-e-type=\"widget\" data-widget_type=\"text-editor.default\">\n\t\t\t\t<div class=\"elementor-widget-container\">\n\t\t\t\t\t\t\t\t\t<div class=\"smalltitle margin-b16\">Relax<\/div><h2>Caf\u00e8<\/h2>\t\t\t\t\t\t\t\t<\/div>\n\t\t\t\t<\/div>\n\t\t\t\t\t<\/div>\n\t\t<\/div>\n\t\t\t\t<div class=\"elementor-column elementor-col-50 elementor-top-column elementor-element elementor-element-8aea846\" data-id=\"8aea846\" data-element_type=\"column\" data-e-type=\"column\">\n\t\t\t<div class=\"elementor-widget-wrap elementor-element-populated\">\n\t\t\t\t\t\t<div class=\"elementor-element elementor-element-aece35e elementor-widget elementor-widget-text-editor\" data-id=\"aece35e\" data-element_type=\"widget\" data-e-type=\"widget\" data-widget_type=\"text-editor.default\">\n\t\t\t\t<div class=\"elementor-widget-container\">\n\t\t\t\t\t\t\t\t\t<p>In our Cafe, next to the Restaurant, we serve delicious breakfasts, snacks and aperitifs, for a break in absolute tranquility admiring the ancient basilica of San Pier Maggiore of 1783, of which remain only the arches of the portico in front of it.<\/p><p>At\u00a0<strong>the I Ghibellini Caf\u00e8<\/strong>\u00a0you can stop for a\u00a0<strong>delicious breakfast<\/strong>\u00a0with\u00a0<strong>cappuccino<\/strong>\u00a0and\u00a0<strong>brioche<\/strong>\u00a0or savory with a good freshly\u00a0<strong>baked<\/strong>\u00a0flat bread.<\/p><p>For a\u00a0<strong>snack<\/strong>, a\u00a0<strong>light lunch<\/strong>\u00a0or an\u00a0<strong>aperitif<\/strong>\u00a0you can choose a\u00a0<strong>Tuscan platter,<\/strong>a\u00a0<strong>stuffed schiacciata<\/strong>\u00a0or a\u00a0<strong>fresh salad<\/strong>\u00a0prepared on the spot with seasonal ingredients.<\/p>\t\t\t\t\t\t\t\t<\/div>\n\t\t\t\t<\/div>\n\t\t\t\t\t<\/div>\n\t\t<\/div>\n\t\t\t\t\t<\/div>\n\t\t<\/section>\n\t\t\t\t<\/div>","protected":false},"excerpt":{"rendered":"<p>Tranquillit\u00e0 Caf\u00e8 Nel nostro Caf\u00e8, di fianco al Ristorante, serviamo deliziose colazioni, merende e aperitivi, per una pausa in assoluta tranquillit\u00e0 con vista sull\u2019antica basilica di San Pier Maggiore del 1783, di cui rimangono solo gli archi del portico antistante Da&nbsp;I Ghibellini Caf\u00e8&nbsp;puoi fermarti per una&nbsp;colazione golosa&nbsp;con&nbsp;cappuccino&nbsp;e&nbsp;brioche&nbsp;o salata con un\u2019ottima&nbsp;schiacciata&nbsp;appena sfornata. Per una&nbsp;merenda, un&nbsp;pranzo leggero&nbsp;o un&nbsp;aperitivo&nbsp;puoi scegliere un&nbsp;tagliere toscano, una&nbsp;schiacciata&#8230;<\/p>","protected":false},"author":1,"featured_media":1463,"parent":0,"menu_order":0,"comment_status":"closed","ping_status":"closed","template":"my-templates\/template-fullscreen.php","meta":{"footnotes":""},"class_list":["post-1172","page","type-page","status-publish","has-post-thumbnail","hentry"],"yoast_head":"<!-- This site is optimized with the Yoast SEO plugin v27.4 - https:\/\/yoast.com\/product\/yoast-seo-wordpress\/ -->\n<title>Caf\u00e8 - Ghibellini<\/title>\n<meta name=\"robots\" content=\"index, follow, max-snippet:-1, max-image-preview:large, max-video-preview:-1\" \/>\n<link rel=\"canonical\" href=\"https:\/\/www.ighibellini.com\/en\/cafe\/\" \/>\n<meta property=\"og:locale\" content=\"en_GB\" \/>\n<meta property=\"og:type\" content=\"article\" \/>\n<meta property=\"og:title\" content=\"Caf\u00e8 - Ghibellini\" \/>\n<meta property=\"og:description\" content=\"Tranquillit\u00e0 Caf\u00e8 Nel nostro Caf\u00e8, di fianco al Ristorante, serviamo deliziose colazioni, merende e aperitivi, per una pausa in assoluta tranquillit\u00e0 con vista sull\u2019antica basilica di San Pier Maggiore del 1783, di cui rimangono solo gli archi del portico antistante Da&nbsp;I Ghibellini Caf\u00e8&nbsp;puoi fermarti per una&nbsp;colazione golosa&nbsp;con&nbsp;cappuccino&nbsp;e&nbsp;brioche&nbsp;o salata con un\u2019ottima&nbsp;schiacciata&nbsp;appena sfornata. Per una&nbsp;merenda, un&nbsp;pranzo leggero&nbsp;o un&nbsp;aperitivo&nbsp;puoi scegliere un&nbsp;tagliere toscano, una&nbsp;schiacciata...\" \/>\n<meta property=\"og:url\" content=\"https:\/\/www.ighibellini.com\/en\/cafe\/\" \/>\n<meta property=\"og:site_name\" content=\"Ghibellini\" \/>\n<meta property=\"article:publisher\" content=\"https:\/\/it-it.facebook.com\/IGhibellini\" \/>\n<meta property=\"article:modified_time\" content=\"2020-05-21T14:50:14+00:00\" \/>\n<meta property=\"og:image\" content=\"https:\/\/www.ighibellini.com\/wp-content\/uploads\/2020\/01\/cafe\u0300-ghibellini.jpg\" \/>\n\t<meta property=\"og:image:width\" content=\"1920\" \/>\n\t<meta property=\"og:image:height\" content=\"1024\" \/>\n\t<meta property=\"og:image:type\" content=\"image\/jpeg\" \/>\n<meta name=\"twitter:card\" content=\"summary_large_image\" \/>\n<meta name=\"twitter:label1\" content=\"Estimated reading time\" \/>\n\t<meta name=\"twitter:data1\" content=\"1 minute\" \/>\n<script type=\"application\/ld+json\" class=\"yoast-schema-graph\">{\"@context\":\"https:\\\/\\\/schema.org\",\"@graph\":[{\"@type\":\"WebPage\",\"@id\":\"https:\\\/\\\/www.ighibellini.com\\\/cafe\\\/\",\"url\":\"https:\\\/\\\/www.ighibellini.com\\\/cafe\\\/\",\"name\":\"Caf\u00e8 - Ghibellini\",\"isPartOf\":{\"@id\":\"https:\\\/\\\/www.ighibellini.com\\\/#website\"},\"primaryImageOfPage\":{\"@id\":\"https:\\\/\\\/www.ighibellini.com\\\/cafe\\\/#primaryimage\"},\"image\":{\"@id\":\"https:\\\/\\\/www.ighibellini.com\\\/cafe\\\/#primaryimage\"},\"thumbnailUrl\":\"https:\\\/\\\/www.ighibellini.com\\\/wp-content\\\/uploads\\\/2020\\\/01\\\/cafe\u0300-ghibellini.jpg\",\"datePublished\":\"2019-12-04T10:51:53+00:00\",\"dateModified\":\"2020-05-21T14:50:14+00:00\",\"breadcrumb\":{\"@id\":\"https:\\\/\\\/www.ighibellini.com\\\/cafe\\\/#breadcrumb\"},\"inLanguage\":\"en-GB\",\"potentialAction\":[{\"@type\":\"ReadAction\",\"target\":[\"https:\\\/\\\/www.ighibellini.com\\\/cafe\\\/\"]}]},{\"@type\":\"ImageObject\",\"inLanguage\":\"en-GB\",\"@id\":\"https:\\\/\\\/www.ighibellini.com\\\/cafe\\\/#primaryimage\",\"url\":\"https:\\\/\\\/www.ighibellini.com\\\/wp-content\\\/uploads\\\/2020\\\/01\\\/cafe\u0300-ghibellini.jpg\",\"contentUrl\":\"https:\\\/\\\/www.ighibellini.com\\\/wp-content\\\/uploads\\\/2020\\\/01\\\/cafe\u0300-ghibellini.jpg\",\"width\":1920,\"height\":1024},{\"@type\":\"BreadcrumbList\",\"@id\":\"https:\\\/\\\/www.ighibellini.com\\\/cafe\\\/#breadcrumb\",\"itemListElement\":[{\"@type\":\"ListItem\",\"position\":1,\"name\":\"Home\",\"item\":\"https:\\\/\\\/www.ighibellini.com\\\/\"},{\"@type\":\"ListItem\",\"position\":2,\"name\":\"Caf\u00e8\"}]},{\"@type\":\"WebSite\",\"@id\":\"https:\\\/\\\/www.ighibellini.com\\\/#website\",\"url\":\"https:\\\/\\\/www.ighibellini.com\\\/\",\"name\":\"I Ghibellini - Trattoria a Firenze\",\"description\":\"Cucina Fiorentina e Tradizione Toscana\",\"publisher\":{\"@id\":\"https:\\\/\\\/www.ighibellini.com\\\/#organization\"},\"potentialAction\":[{\"@type\":\"SearchAction\",\"target\":{\"@type\":\"EntryPoint\",\"urlTemplate\":\"https:\\\/\\\/www.ighibellini.com\\\/?s={search_term_string}\"},\"query-input\":{\"@type\":\"PropertyValueSpecification\",\"valueRequired\":true,\"valueName\":\"search_term_string\"}}],\"inLanguage\":\"en-GB\"},{\"@type\":\"Organization\",\"@id\":\"https:\\\/\\\/www.ighibellini.com\\\/#organization\",\"name\":\"I Ghibellini FIrenze\",\"url\":\"https:\\\/\\\/www.ighibellini.com\\\/\",\"logo\":{\"@type\":\"ImageObject\",\"inLanguage\":\"en-GB\",\"@id\":\"https:\\\/\\\/www.ighibellini.com\\\/#\\\/schema\\\/logo\\\/image\\\/\",\"url\":\"https:\\\/\\\/www.ighibellini.com\\\/wp-content\\\/uploads\\\/2020\\\/01\\\/Logo-Ghibellini-1.png\",\"contentUrl\":\"https:\\\/\\\/www.ighibellini.com\\\/wp-content\\\/uploads\\\/2020\\\/01\\\/Logo-Ghibellini-1.png\",\"width\":428,\"height\":170,\"caption\":\"I Ghibellini FIrenze\"},\"image\":{\"@id\":\"https:\\\/\\\/www.ighibellini.com\\\/#\\\/schema\\\/logo\\\/image\\\/\"},\"sameAs\":[\"https:\\\/\\\/it-it.facebook.com\\\/IGhibellini\",\"https:\\\/\\\/www.instagram.com\\\/ighibellini\\\/\"]}]}<\/script>\n<!-- \/ Yoast SEO plugin. -->","yoast_head_json":{"title":"Caf\u00e8 - Ghibellini","robots":{"index":"index","follow":"follow","max-snippet":"max-snippet:-1","max-image-preview":"max-image-preview:large","max-video-preview":"max-video-preview:-1"},"canonical":"https:\/\/www.ighibellini.com\/en\/cafe\/","og_locale":"en_GB","og_type":"article","og_title":"Caf\u00e8 - Ghibellini","og_description":"Tranquillit\u00e0 Caf\u00e8 Nel nostro Caf\u00e8, di fianco al Ristorante, serviamo deliziose colazioni, merende e aperitivi, per una pausa in assoluta tranquillit\u00e0 con vista sull\u2019antica basilica di San Pier Maggiore del 1783, di cui rimangono solo gli archi del portico antistante Da&nbsp;I Ghibellini Caf\u00e8&nbsp;puoi fermarti per una&nbsp;colazione golosa&nbsp;con&nbsp;cappuccino&nbsp;e&nbsp;brioche&nbsp;o salata con un\u2019ottima&nbsp;schiacciata&nbsp;appena sfornata. Per una&nbsp;merenda, un&nbsp;pranzo leggero&nbsp;o un&nbsp;aperitivo&nbsp;puoi scegliere un&nbsp;tagliere toscano, una&nbsp;schiacciata...","og_url":"https:\/\/www.ighibellini.com\/en\/cafe\/","og_site_name":"Ghibellini","article_publisher":"https:\/\/it-it.facebook.com\/IGhibellini","article_modified_time":"2020-05-21T14:50:14+00:00","og_image":[{"width":1920,"height":1024,"url":"https:\/\/www.ighibellini.com\/wp-content\/uploads\/2020\/01\/cafe\u0300-ghibellini.jpg","type":"image\/jpeg"}],"twitter_card":"summary_large_image","twitter_misc":{"Estimated reading time":"1 minute"},"schema":{"@context":"https:\/\/schema.org","@graph":[{"@type":"WebPage","@id":"https:\/\/www.ighibellini.com\/cafe\/","url":"https:\/\/www.ighibellini.com\/cafe\/","name":"Caf\u00e8 - Ghibellini","isPartOf":{"@id":"https:\/\/www.ighibellini.com\/#website"},"primaryImageOfPage":{"@id":"https:\/\/www.ighibellini.com\/cafe\/#primaryimage"},"image":{"@id":"https:\/\/www.ighibellini.com\/cafe\/#primaryimage"},"thumbnailUrl":"https:\/\/www.ighibellini.com\/wp-content\/uploads\/2020\/01\/cafe\u0300-ghibellini.jpg","datePublished":"2019-12-04T10:51:53+00:00","dateModified":"2020-05-21T14:50:14+00:00","breadcrumb":{"@id":"https:\/\/www.ighibellini.com\/cafe\/#breadcrumb"},"inLanguage":"en-GB","potentialAction":[{"@type":"ReadAction","target":["https:\/\/www.ighibellini.com\/cafe\/"]}]},{"@type":"ImageObject","inLanguage":"en-GB","@id":"https:\/\/www.ighibellini.com\/cafe\/#primaryimage","url":"https:\/\/www.ighibellini.com\/wp-content\/uploads\/2020\/01\/cafe\u0300-ghibellini.jpg","contentUrl":"https:\/\/www.ighibellini.com\/wp-content\/uploads\/2020\/01\/cafe\u0300-ghibellini.jpg","width":1920,"height":1024},{"@type":"BreadcrumbList","@id":"https:\/\/www.ighibellini.com\/cafe\/#breadcrumb","itemListElement":[{"@type":"ListItem","position":1,"name":"Home","item":"https:\/\/www.ighibellini.com\/"},{"@type":"ListItem","position":2,"name":"Caf\u00e8"}]},{"@type":"WebSite","@id":"https:\/\/www.ighibellini.com\/#website","url":"https:\/\/www.ighibellini.com\/","name":"I Ghibellini - Trattoria a Firenze","description":"Cucina Fiorentina e Tradizione Toscana","publisher":{"@id":"https:\/\/www.ighibellini.com\/#organization"},"potentialAction":[{"@type":"SearchAction","target":{"@type":"EntryPoint","urlTemplate":"https:\/\/www.ighibellini.com\/?s={search_term_string}"},"query-input":{"@type":"PropertyValueSpecification","valueRequired":true,"valueName":"search_term_string"}}],"inLanguage":"en-GB"},{"@type":"Organization","@id":"https:\/\/www.ighibellini.com\/#organization","name":"I Ghibellini FIrenze","url":"https:\/\/www.ighibellini.com\/","logo":{"@type":"ImageObject","inLanguage":"en-GB","@id":"https:\/\/www.ighibellini.com\/#\/schema\/logo\/image\/","url":"https:\/\/www.ighibellini.com\/wp-content\/uploads\/2020\/01\/Logo-Ghibellini-1.png","contentUrl":"https:\/\/www.ighibellini.com\/wp-content\/uploads\/2020\/01\/Logo-Ghibellini-1.png","width":428,"height":170,"caption":"I Ghibellini FIrenze"},"image":{"@id":"https:\/\/www.ighibellini.com\/#\/schema\/logo\/image\/"},"sameAs":["https:\/\/it-it.facebook.com\/IGhibellini","https:\/\/www.instagram.com\/ighibellini\/"]}]}},"_links":{"self":[{"href":"https:\/\/www.ighibellini.com\/en\/wp-json\/wp\/v2\/pages\/1172","targetHints":{"allow":["GET"]}}],"collection":[{"href":"https:\/\/www.ighibellini.com\/en\/wp-json\/wp\/v2\/pages"}],"about":[{"href":"https:\/\/www.ighibellini.com\/en\/wp-json\/wp\/v2\/types\/page"}],"author":[{"embeddable":true,"href":"https:\/\/www.ighibellini.com\/en\/wp-json\/wp\/v2\/users\/1"}],"replies":[{"embeddable":true,"href":"https:\/\/www.ighibellini.com\/en\/wp-json\/wp\/v2\/comments?post=1172"}],"version-history":[{"count":5,"href":"https:\/\/www.ighibellini.com\/en\/wp-json\/wp\/v2\/pages\/1172\/revisions"}],"predecessor-version":[{"id":1555,"href":"https:\/\/www.ighibellini.com\/en\/wp-json\/wp\/v2\/pages\/1172\/revisions\/1555"}],"wp:featuredmedia":[{"embeddable":true,"href":"https:\/\/www.ighibellini.com\/en\/wp-json\/wp\/v2\/media\/1463"}],"wp:attachment":[{"href":"https:\/\/www.ighibellini.com\/en\/wp-json\/wp\/v2\/media?parent=1172"}],"curies":[{"name":"wp","href":"https:\/\/api.w.org\/{rel}","templated":true}]}}